{"id":1148,"date":"2024-04-17T19:50:56","date_gmt":"2024-04-17T19:50:56","guid":{"rendered":"https:\/\/oegmw.at\/?post_type=tribe_events&#038;p=1148"},"modified":"2024-04-17T19:50:56","modified_gmt":"2024-04-17T19:50:56","slug":"florence-b-price-lied-symposium","status":"publish","type":"tribe_events","link":"https:\/\/oegmw.at\/en\/veranstaltung\/florence-b-price-lied-symposium","title":{"rendered":"Florence B. Price &#8211; Lied Symposium"},"content":{"rendered":"<p>Die Veranstaltung ist der Komponistin Florence B. Price gewidmet. Ihre Musik ist nicht nur von herausragender k\u00fcnstlerischer Bedeutung, sondern auch von gro\u00dfer historischer Relevanz, da sie eine der ersten afroamerikanischen Frauen war, die in der klassischen Musikwelt Anerkennung fand. Vor allem war sie die erste Afroamerikanerin \u00fcberhaupt, deren Orchesterwerk von einem gro\u00dfen US-Orchester gespielt wurde. Dieses Symposium vereint nicht nur k\u00fcnstlerische und wissenschaftliche Aspekte, sondern ist auch gesellschaftlich relevant.<\/p>\n<p>Ablauf:<\/p>\n<p>15.00 Uhr \u2013\u00a0 Begr\u00fc\u00dfung durch die VR<sup>in<\/sup> f\u00fcr Lehre, Internationales\u00a0Gender und Diversit\u00e4t\u00a0\u00a0<em>Univ.Prof. Mag.<sup>a<\/sup>\u00a0Dr.<sup>in\u00a0<\/sup>Constanze Wimmer<\/em><br \/>\n15.30 \u2013 16.30 Uhr\u00a0\u00a0<em>&#8222;<strong>Listening for Bea&#8220; <\/strong><\/em>&#8211; Vortrag von\u00a0 <em>Dr.<sup>in<\/sup> Samatha Ege<\/em><br \/>\n<em>16.30 &#8211; 17.00 Uhr \u2013 Pause<\/em><br \/>\n17.00 &#8211; 17.45 Uhr &#8211;<strong> &#8222;Song is so old, love is so new&#8220; <\/strong>&#8211; Vortrag von <em>Ted Black<\/em><br \/>\n<em>17.45 \u2013 18.00 Uhr &#8211; Pause\u00a0<\/em><br \/>\n18.00 \u2013 18.45 Uhr &#8211; <strong>Round Table \u2013 \u201cPre-concert talk\u201d\u00a0\u00a0<\/strong><br \/>\n<em>18.45 \u2013 19.00 Uhr &#8211; Pause\u00a0\u00a0<\/em><\/p>\n<p>19.00 &#8211; 20.00 Uhr \u2013<strong> Liederabend mit\u00a0 Studierende\u00a0 des Instituts 7 <\/strong>&#8211; Gesang,\u00a0 Lied\u00a0 und\u00a0 Oratorium<\/p>","protected":false},"excerpt":{"rendered":"<p>Die Veranstaltung ist der Komponistin Florence B. Price gewidmet. Ihre Musik ist nicht nur von herausragender k\u00fcnstlerischer Bedeutung, sondern auch von gro\u00dfer historischer Relevanz, da sie eine der ersten afroamerikanischen [&hellip;]<\/p>\n","protected":false},"author":36,"featured_media":0,"template":"","meta":{"site-sidebar-layout":"default","site-content-layout":"","ast-site-content-layout":"default","site-content-style":"default","site-sidebar-style":"default","ast-global-header-display":"","ast-banner-title-visibility":"","ast-main-header-display":"","ast-hfb-above-header-display":"","ast-hfb-below-header-display":"","ast-hfb-mobile-header-display":"","site-post-title":"","ast-breadcrumbs-content":"","ast-featured-img":"","footer-sml-layout":"","ast-disable-related-posts":"","theme-transparent-header-meta":"default","adv-header-id-meta":"","stick-header-meta":"","header-above-stick-meta":"","header-main-stick-meta":"","header-below-stick-meta":"","astra-migrate-meta-layouts":"set","ast-page-background-enabled":"default","ast-page-background-meta":{"desktop":{"background-color":"var(--ast-global-color-4)","background-image":"","background-repeat":"repeat","background-position":"center center","background-size":"auto","background-attachment":"scroll","background-type":"","background-media":"","overlay-type":"","overlay-color":"","overlay-opacity":"","overlay-gradient":""},"tablet":{"background-color":"","background-image":"","background-repeat":"repeat","background-position":"center center","background-size":"auto","background-attachment":"scroll","background-type":"","background-media":"","overlay-type":"","overlay-color":"","overlay-opacity":"","overlay-gradient":""},"mobile":{"background-color":"","background-image":"","background-repeat":"repeat","background-position":"center center","background-size":"auto","background-attachment":"scroll","background-type":"","background-media":"","overlay-type":"","overlay-color":"","overlay-opacity":"","overlay-gradient":""}},"ast-content-background-meta":{"desktop":{"background-color":"var(--ast-global-color-5)","background-image":"","background-repeat":"repeat","background-position":"center center","background-size":"auto","background-attachment":"scroll","background-type":"","background-media":"","overlay-type":"","overlay-color":"","overlay-opacity":"","overlay-gradient":""},"tablet":{"background-color":"var(--ast-global-color-5)","background-image":"","background-repeat":"repeat","background-position":"center center","background-size":"auto","background-attachment":"scroll","background-type":"","background-media":"","overlay-type":"","overlay-color":"","overlay-opacity":"","overlay-gradient":""},"mobile":{"background-color":"var(--ast-global-color-5)","background-image":"","background-repeat":"repeat","background-position":"center center","background-size":"auto","background-attachment":"scroll","background-type":"","background-media":"","overlay-type":"","overlay-color":"","overlay-opacity":"","overlay-gradient":""}},"_tribe_events_status":"","_tribe_events_status_reason":"","footnotes":""},"tags":[],"tribe_events_cat":[12,16,17],"class_list":["post-1148","tribe_events","type-tribe_events","status-publish","hentry","tribe_events_cat-gastvortrag","tribe_events_cat-konzert","tribe_events_cat-podiumsdiskussion","cat_gastvortrag","cat_konzert","cat_podiumsdiskussion"],"_links":{"self":[{"href":"https:\/\/oegmw.at\/en\/wp-json\/wp\/v2\/tribe_events\/1148","targetHints":{"allow":["GET"]}}],"collection":[{"href":"https:\/\/oegmw.at\/en\/wp-json\/wp\/v2\/tribe_events"}],"about":[{"href":"https:\/\/oegmw.at\/en\/wp-json\/wp\/v2\/types\/tribe_events"}],"author":[{"embeddable":true,"href":"https:\/\/oegmw.at\/en\/wp-json\/wp\/v2\/users\/36"}],"version-history":[{"count":3,"href":"https:\/\/oegmw.at\/en\/wp-json\/wp\/v2\/tribe_events\/1148\/revisions"}],"predecessor-version":[{"id":1155,"href":"https:\/\/oegmw.at\/en\/wp-json\/wp\/v2\/tribe_events\/1148\/revisions\/1155"}],"wp:attachment":[{"href":"https:\/\/oegmw.at\/en\/wp-json\/wp\/v2\/media?parent=1148"}],"wp:term":[{"taxonomy":"post_tag","embeddable":true,"href":"https:\/\/oegmw.at\/en\/wp-json\/wp\/v2\/tags?post=1148"},{"taxonomy":"tribe_events_cat","embeddable":true,"href":"https:\/\/oegmw.at\/en\/wp-json\/wp\/v2\/tribe_events_cat?post=1148"}],"curies":[{"name":"wp","href":"https:\/\/api.w.org\/{rel}","templated":true}]}}